{"id":32,"date":"2009-10-05T16:05:14","date_gmt":"2009-10-05T16:05:14","guid":{"rendered":"http:\/\/hedangens.se\/?page_id=32"},"modified":"2010-05-10T11:01:34","modified_gmt":"2010-05-10T09:01:34","slug":"om-oss","status":"publish","type":"page","link":"https:\/\/hedangens.se\/?page_id=32","title":{"rendered":"Presentation"},"content":{"rendered":"<p>V\u00e4lkommen till Tomas och Ingrid Olofsson, Hed\u00e4ngens Kennels hemsida.<img loading=\"lazy\" class=\"alignright size-medium wp-image-130\" title=\"IMG_0003\" src=\"http:\/\/hedangens.se\/wp-content\/uploads\/2009\/10\/IMG_0003-300x200.jpg\" alt=\"IMG_0003\" width=\"300\" height=\"200\" srcset=\"https:\/\/hedangens.se\/wp-content\/uploads\/2009\/10\/IMG_0003-300x200.jpg 300w, https:\/\/hedangens.se\/wp-content\/uploads\/2009\/10\/IMG_0003-1024x682.jpg 1024w\" sizes=\"(max-width: 300px) 100vw, 300px\" \/><\/p>\n<p>Namnet Hed\u00e4ngens kommer ifr\u00e5n Hedinge G\u00e5rd, g\u00e5rden vi och v\u00e5ra hundar bor p\u00e5 som ligger strax utanf\u00f6r Tidaholm i V\u00e4sterg\u00f6tland, inte l\u00e5ngt ifr\u00e5n det v\u00e4lk\u00e4nda frilufsomr\u00e5det H\u00f6kens\u00e5s, ett eldorado f\u00f6r fiskeintresserade.<\/p>\n<p>1991 kom vi f\u00f6r f\u00f6rsta g\u00e5ngen i kontakt med rasen Kleiner M\u00fcnsterl\u00e4nder.<\/p>\n<p>P\u00e5 den tiden var r\u00e5djursstammen god, st\u00f6thundarna kom till sin r\u00e4tt. En jaktg\u00e4st med hans trevliga M\u00fcnster gjorde ett gott intryck hos oss och efter det bes\u00f6ket dr\u00f6jde det inte l\u00e4nge tills vi var p\u00e5 v\u00e4g f\u00f6r att skaffa v\u00e5r f\u00f6rsta egna Kleiner M\u00fcnsterl\u00e4nder.<\/p>\n<div id=\"attachment_343\" style=\"width: 160px\" class=\"wp-caption alignright\"><img aria-describedby=\"caption-attachment-343\" loading=\"lazy\" class=\"size-thumbnail wp-image-343\" title=\"Tomas\" src=\"http:\/\/hedangens.se\/wp-content\/uploads\/2009\/10\/Fullbrukstr\u00e4ning-2009-3641-150x150.jpg\" alt=\"Tomas\" width=\"150\" height=\"150\" \/><p id=\"caption-attachment-343\" class=\"wp-caption-text\">Tomas<\/p><\/div>\n<p>I v\u00e5r d\u00e5 totala okunskap om vad vi h\u00e4mtade f\u00f6r slags hund, visste vi inte ens om att det i grund och botten var en st\u00e5ende f\u00e5gelhund. Tyv\u00e4rr uppt\u00e4ckte vi det alltf\u00f6r sent och vi hade dessutom inte en aning om hur man ens jagade in hunden p\u00e5 f\u00e5gel. Tiffy som hon hette, fick bli en ren st\u00f6thund vilket hon blev en specialist p\u00e5 och \u00f6ppnade m\u00e5nga d\u00f6rrar f\u00f6r husse till goda jakttilf\u00e4llen.<\/p>\n<p>N\u00e5gon allround hund blev hon dock aldrig, hon kunde visserligen st\u00e5 f\u00f6r f\u00e5gel, men att respektera den efter skott var hon s\u00e4mre p\u00e5 och vid eventuell bom \ud83d\ude09 drev hon g\u00e4rna l\u00e5ngt och ljudligt med skall.<\/p>\n<p>1993 skaffade vi v\u00e5r andra M\u00fcnster, n\u00e5got \u00e5r senare tog vi \u00e4ven \u00f6ver en tre\u00e5rig M\u00fcnsterhane, den h\u00e4r g\u00e5ngen skulle det bli r\u00e4tt. N\u00e5v\u00e4l, med lite inf\u00f6rskaffad f\u00e5gel, kanske ett steg i r\u00e4tt riktning men med facit i hand, s\u00e5 lite vi fortfarande visste.<\/p>\n<p>1998 gick v\u00e5r f\u00f6sta resa till fj\u00e4llen och genom bekanta hade vi turen att f\u00e5 f\u00f6lja med Anders Landin och Claes Hemberg. F\u00f6r f\u00f6rsta g\u00e5ngen upplevde vi hur en st\u00e5ende f\u00e5gelhund verkligen skulle arbeta, den resan \u00f6ppnade m\u00e5nga d\u00f6rrar.<\/p>\n<p>            \n\t\t<div class=\"ngg-gallery-singlepic-image ngg-right\" style=\"max-width: 180px\">\n\t\t\t    \t<a href=\"https:\/\/hedangens.se\/wp-content\/gallery\/blandat\/img_0449.jpg\"\n\t\t     title=\"Ingrid med Landinarnas Daisy (Isa) och Hed\u00e4ngens I-Coral\"\n             data-src=\"https:\/\/hedangens.se\/wp-content\/gallery\/blandat\/img_0449.jpg\"\n             data-thumbnail=\"https:\/\/hedangens.se\/wp-content\/gallery\/blandat\/thumbs\/thumbs_img_0449.jpg\"\n             data-image-id=\"595\"\n             data-title=\"Ingrid\"\n             data-description=\"Ingrid med Landinarnas Daisy (Isa) och Hed\u00e4ngens I-Coral\"\n             target='_self'\n             class=\"shutterset_14fb7933172a981f0e1cf2bddc3afd54\">\n            <img class=\"ngg-singlepic\"\n             src=\"https:\/\/hedangens.se\/wp-content\/gallery\/blandat\/cache\/img_0449.jpg-nggid03595-ngg0dyn-320x240x100-00f0w010c010r110f110r010t010.jpg\"\n             alt=\"Ingrid\"\n             title=\"Ingrid\"\n              width=\"180\"               \/>\n    \t<\/a>\n\t\t      <\/div>\n        \u00c5r 2000 skaffade vi v\u00e5r f\u00f6rsta Str\u00e4vh\u00e5riga Vorsteh fr\u00e5n Landinarnas Kennel, samma \u00e5r skaffade vi \u00e4ven en till Kleiner M\u00fcnsterl\u00e4nder fr\u00e5n Norge, vad vi inte visste d\u00e5 men som vi vet idag, skulle de h\u00e4r tv\u00e5 hundarna, SUCH J Rotuas G-Tindra och SJCH Landinarnas Daisy bli stamm\u00f6drar till v\u00e5r Kennel Hed\u00e4ngens.<\/p>\n<p>Sedan dess har vi haft n\u00e5gra valpkullar b\u00e5de Vorsteh och M\u00fcnster, vi har \u00e4ven beh\u00e5llit avkommor som jagats in och blivit meriterade.<\/p>\n<p>Den kunskap vi skaffat oss genom \u00e5ren har vi f\u00f6rs\u00f6kt delge v\u00e5ra valpk\u00f6pare och flertalet av dom har idag meriterat sina hundar p\u00e5 jaktprov. V\u00e5rat m\u00e5l med aveln \u00e4r att tillf\u00f6ra raserna friska och sunda individer med goda jaktegenskaper som raserna \u00e4r till\u00e4gnade f\u00f6r.<\/p>\n<p>V\u00e5ra egna hundar anv\u00e4nds som allroundhundar, vi \u00e4r dock noga med att f\u00f6rst bef\u00e4sta lydnad och jaga in dom p\u00e5 f\u00e5gel, n\u00e4r det sitter p\u00e5 plats, f\u00e5r dom st\u00e4lla upp p\u00e5 allt vad en jaktdag har att erbjuda.<\/p>\n","protected":false},"excerpt":{"rendered":"<p>V\u00e4lkommen till Tomas och Ingrid Olofsson, Hed\u00e4ngens Kennels hemsida. Namnet Hed\u00e4ngens kommer ifr\u00e5n Hedinge G\u00e5rd, g\u00e5rden vi och v\u00e5ra hundar bor p\u00e5 som ligger strax utanf\u00f6r Tidaholm i V\u00e4sterg\u00f6tland, inte l\u00e5ngt ifr\u00e5n det v\u00e4lk\u00e4nda frilufsomr\u00e5det H\u00f6kens\u00e5s, ett eldorado f\u00f6r fiskeintresserade. 1991 kom vi f\u00f6r f\u00f6rsta g\u00e5ngen i kontakt med rasen Kleiner M\u00fcnsterl\u00e4nder. P\u00e5 den tiden [&hellip;]<\/p>\n","protected":false},"author":1,"featured_media":0,"parent":0,"menu_order":0,"comment_status":"open","ping_status":"open","template":"","meta":{"ngg_post_thumbnail":0},"_links":{"self":[{"href":"https:\/\/hedangens.se\/index.php?rest_route=\/wp\/v2\/pages\/32"}],"collection":[{"href":"https:\/\/hedangens.se\/index.php?rest_route=\/wp\/v2\/pages"}],"about":[{"href":"https:\/\/hedangens.se\/index.php?rest_route=\/wp\/v2\/types\/page"}],"author":[{"embeddable":true,"href":"https:\/\/hedangens.se\/index.php?rest_route=\/wp\/v2\/users\/1"}],"replies":[{"embeddable":true,"href":"https:\/\/hedangens.se\/index.php?rest_route=%2Fwp%2Fv2%2Fcomments&post=32"}],"version-history":[{"count":27,"href":"https:\/\/hedangens.se\/index.php?rest_route=\/wp\/v2\/pages\/32\/revisions"}],"predecessor-version":[{"id":36,"href":"https:\/\/hedangens.se\/index.php?rest_route=\/wp\/v2\/pages\/32\/revisions\/36"}],"wp:attachment":[{"href":"https:\/\/hedangens.se\/index.php?rest_route=%2Fwp%2Fv2%2Fmedia&parent=32"}],"curies":[{"name":"wp","href":"https:\/\/api.w.org\/{rel}","templated":true}]}}